{"id":17005,"date":"2024-06-24T11:56:15","date_gmt":"2024-06-24T09:56:15","guid":{"rendered":"https:\/\/sarrut-avocats.com\/communication-2\/"},"modified":"2024-07-09T15:58:26","modified_gmt":"2024-07-09T13:58:26","slug":"communication-en","status":"publish","type":"page","link":"https:\/\/sarrut-avocats.com\/en\/communication-en\/","title":{"rendered":"Communication-en"},"content":{"rendered":"<div class=\"wpb-content-wrapper\"><p>[vc_row css_animation=&#8221;&#8221; row_type=&#8221;row&#8221; use_row_as_full_screen_section=&#8221;no&#8221; type=&#8221;full_width&#8221; angled_section=&#8221;no&#8221; text_align=&#8221;left&#8221; background_image_as_pattern=&#8221;without_pattern&#8221;][vc_column width=&#8221;1\/4&#8243;][\/vc_column][vc_column width=&#8221;1\/2&#8243;][vc_column_text]<\/p>\n<h1><strong>Publications<\/strong>\u00a0:<\/h1>\n<p>&nbsp;<\/p>\n<p>\u00ab\u00a0L\u2019interpr\u00e9tation de la notori\u00e9t\u00e9 de la marque\u00a0\u00bb<em>,<br \/>\n<span style=\"color: #2f6678;\">RDPI n<sup><span style=\"font-size: 13.3333330154419px; line-height: 20px;\">\u00b0<\/span><\/sup>\u00a062, <\/span><\/em><span style=\"color: #2f6678;\">d\u00e9cembre 1995 ;<\/span><\/p>\n<p><span style=\"color: #2f6678;\">\u00a0<\/span><\/p>\n<p><em>\u00ab\u00a0<\/em>L\u2019INPI, juge de l\u2019usage\u00a0<em>\u00bb<\/em>,<br \/>\n<span style=\"color: #2f6678;\"><em>Petites Affiches<\/em> 388<sup>e<\/sup>\u00a0ann\u00e9e, n\u00b0\u00a059, 24 mars 1999 ;<\/span><\/p>\n<p>&nbsp;<\/p>\n<p>\u00ab\u00a0De la linguistique \u00e0 la marque communautaire\u00a0\u00bb,<strong><br \/>\n<\/strong><span style=\"color: #2f6678;\"><em>Les \u00c9chos,<\/em> 27 juin 2001, n\u00b0\u00a018432, p.51 ;<\/span><\/p>\n<p>&nbsp;<\/p>\n<p><strong>\u00ab\u00a0<\/strong>La d\u00e9fense de la marque, strat\u00e9gies globales<strong>\u00a0\u00bb,<br \/>\n<\/strong><span style=\"color: #2f6678;\"><em>Horizons bancaires<\/em> n\u00b0<sup>\u00a0<\/sup>325, juin 2005, p.73<\/span><\/p>\n<p>&nbsp;<\/p>\n<p>\u00ab\u00a0L\u2019extension \u00ab\u00a0.eu\u00a0\u00bb : un pas de plus vers l\u2019Union<strong>\u00a0\u00bb<\/strong>,<br \/>\n<span style=\"color: #2f6678;\"><em>PI France,<\/em> 3 ao\u00fbt \u00a02005 ;<\/span><\/p>\n<p>&nbsp;<\/p>\n<p>\u00ab\u00a0L\u2019affaire Picasso-Picaro : le Delta du droit des marques<strong>\u00a0\u00bb<\/strong><br \/>\n<span style=\"color: #2f6678;\"><em>PI France,<\/em> 21 f\u00e9vrier 2006.<\/span><\/p>\n<p>&nbsp;<\/p>\n<p>&nbsp;<\/p>\n<h1>Conf\u00e9rences :<\/h1>\n<p>&nbsp;<\/p>\n<p>L\u2019aspect pratique et la dimension internationale de la propri\u00e9t\u00e9 intellectuelle\u00a0<strong>\u00bb<\/strong>,<br \/>\n<span style=\"color: #2f6678;\"><em>Facult\u00e9 d\u2019\u00e9conomie et de droit de Paris\u00a0;<\/em> Session inaugurale, ann\u00e9e universitaire 1997-1998\u00a0;<\/span><\/p>\n<p>&nbsp;<\/p>\n<p>\u00ab\u00a0Probl\u00e9matique Internet : le cybersquattage<strong>\u201d<\/strong>,<br \/>\n<span style=\"color: #2f6678;\"><em>Direction juridique de la SNCF, <\/em>Paris, 9 d\u00e9cembre 2003 ;<\/span><\/p>\n<p>&nbsp;<\/p>\n<p>\u00ab The last amendment of the French IP Code\u00a0\u00bb,<br \/>\n<span style=\"color: #2f6678;\"><em>Patentabte\u00eflung BASF, <\/em>Ludwigshafen, 12 avril 2004 ;<\/span><\/p>\n<p>&nbsp;<\/p>\n<p>\u00ab La s\u00e9curit\u00e9 des noms de domaines\u00a0\u00bb,<br \/>\n<span style=\"color: #2f6678;\"><em>INDOM, <\/em>Paris, 14 juin 2010\u00a0;<\/span><\/p>\n<p>&nbsp;<\/p>\n<p><strong>\u00ab\u00a0<\/strong>Les strat\u00e9gies de protection des produits industriels par le droit de mod\u00e8le communautaire<strong>\u00a0\u00bb,<br \/>\n<\/strong><span style=\"color: #2f6678;\"><em>Commission ouverte du barreau de Paris, Maison du Barreau, <\/em>Paris, 4 octobre 2012.<\/span><\/p>\n<p>&nbsp;<\/p>\n<p><strong>\u00ab <\/strong>Propri\u00e9t\u00e9 Intellectuelle au Kazakhstan, d\u00e9fis s\u00e9lectionn\u00e9s et Transfert de technologie<strong>\u00bb<\/strong>,<br \/>\n<span style=\"color: #2f6678;\"><em>Mission de l&#8217;OCDE au Kazakhstan, Astana, 22.04.2015,<\/em> dans le cadre du Programme pour la comp\u00e9titivit\u00e9 en Eurasie, Conf\u00e9rence d&#8217;Henri Michel REYNAUD, expert aupr\u00e8s de l&#8217;OCDE ;<\/span><\/p>\n<p>&nbsp;<\/p>\n<p>&nbsp;<\/p>\n<p>&nbsp;<\/p>\n<h1><strong>Associations professionnelles<\/strong><\/h1>\n<p>&nbsp;<\/p>\n<p>APRAM, France<\/p>\n<p>Pharmaceutical Trademark Group, UK<\/p>\n<p>MARQUES, International<\/p>\n<p>INTA, International<\/p>\n<p>OCDE[\/vc_column_text][\/vc_column][vc_column width=&#8221;1\/4&#8243;][\/vc_column][\/vc_row]<\/p>\n<\/div>","protected":false},"excerpt":{"rendered":"<p>[vc_row css_animation=&#8221;&#8221; row_type=&#8221;row&#8221; use_row_as_full_screen_section=&#8221;no&#8221; type=&#8221;full_width&#8221; angled_section=&#8221;no&#8221; text_align=&#8221;left&#8221; background_image_as_pattern=&#8221;without_pattern&#8221;][vc_column width=&#8221;1\/4&#8243;][\/vc_column][vc_column width=&#8221;1\/2&#8243;][vc_column_text] Publications\u00a0: &nbsp; \u00ab\u00a0L\u2019interpr\u00e9tation de la notori\u00e9t\u00e9 de la marque\u00a0\u00bb, RDPI n\u00b0\u00a062, d\u00e9cembre 1995 ; \u00a0 \u00ab\u00a0L\u2019INPI, juge de l\u2019usage\u00a0\u00bb, Petites Affiches 388e\u00a0ann\u00e9e, n\u00b0\u00a059, 24 mars 1999 ; &nbsp; \u00ab\u00a0De la linguistique \u00e0 la marque communautaire\u00a0\u00bb,&#8230;<\/p>\n","protected":false},"author":4,"featured_media":0,"parent":0,"menu_order":0,"comment_status":"closed","ping_status":"closed","template":"","meta":{"footnotes":""},"class_list":["post-17005","page","type-page","status-publish","hentry"],"_links":{"self":[{"href":"https:\/\/sarrut-avocats.com\/en\/wp-json\/wp\/v2\/pages\/17005","targetHints":{"allow":["GET"]}}],"collection":[{"href":"https:\/\/sarrut-avocats.com\/en\/wp-json\/wp\/v2\/pages"}],"about":[{"href":"https:\/\/sarrut-avocats.com\/en\/wp-json\/wp\/v2\/types\/page"}],"author":[{"embeddable":true,"href":"https:\/\/sarrut-avocats.com\/en\/wp-json\/wp\/v2\/users\/4"}],"replies":[{"embeddable":true,"href":"https:\/\/sarrut-avocats.com\/en\/wp-json\/wp\/v2\/comments?post=17005"}],"version-history":[{"count":2,"href":"https:\/\/sarrut-avocats.com\/en\/wp-json\/wp\/v2\/pages\/17005\/revisions"}],"predecessor-version":[{"id":17058,"href":"https:\/\/sarrut-avocats.com\/en\/wp-json\/wp\/v2\/pages\/17005\/revisions\/17058"}],"wp:attachment":[{"href":"https:\/\/sarrut-avocats.com\/en\/wp-json\/wp\/v2\/media?parent=17005"}],"curies":[{"name":"wp","href":"https:\/\/api.w.org\/{rel}","templated":true}]}}